{"id":366,"date":"2015-10-11T17:53:56","date_gmt":"2015-10-11T15:53:56","guid":{"rendered":"http:\/\/hgcreimsmo.cluster005.ovh.net\/?page_id=366"},"modified":"2024-10-14T14:58:54","modified_gmt":"2024-10-14T12:58:54","slug":"local-hgc-reims","status":"publish","type":"page","link":"https:\/\/www.hgc-reims.com\/?page_id=366","title":{"rendered":"Local HGC Reims"},"content":{"rendered":"<p>Notre local est multi-usage :<\/p>\n<ul>\n<li>Espace convivialit\u00e9<\/li>\n<li>Espace p\u00e9dagogique<\/li>\n<li>M\u00e9diath\u00e8que<\/li>\n<li>Gestion du mat\u00e9riel<\/li>\n<li>R\u00e9unions du bureau<\/li>\n<\/ul>\n<p><b>7 RUE DU COMMERCE &#8211; REIMS<\/b><\/p>\n<p><a href=\"https:\/\/www.hgc-reims.com\/wp-content\/uploads\/2024\/10\/local2.jpg\"><img loading=\"lazy\" decoding=\"async\" class=\"alignnone size-full wp-image-6415\" src=\"https:\/\/www.hgc-reims.com\/wp-content\/uploads\/2024\/10\/local2.jpg\" alt=\"\" width=\"1037\" height=\"778\" srcset=\"https:\/\/www.hgc-reims.com\/wp-content\/uploads\/2024\/10\/local2.jpg 1037w, https:\/\/www.hgc-reims.com\/wp-content\/uploads\/2024\/10\/local2-300x225.jpg 300w, https:\/\/www.hgc-reims.com\/wp-content\/uploads\/2024\/10\/local2-1024x768.jpg 1024w, https:\/\/www.hgc-reims.com\/wp-content\/uploads\/2024\/10\/local2-768x576.jpg 768w\" sizes=\"auto, (max-width: 1037px) 100vw, 1037px\" \/><\/a> <a href=\"https:\/\/www.hgc-reims.com\/wp-content\/uploads\/2024\/10\/local1.jpg\"><img loading=\"lazy\" decoding=\"async\" class=\"alignnone size-full wp-image-6414\" src=\"https:\/\/www.hgc-reims.com\/wp-content\/uploads\/2024\/10\/local1.jpg\" alt=\"\" width=\"1037\" height=\"778\" srcset=\"https:\/\/www.hgc-reims.com\/wp-content\/uploads\/2024\/10\/local1.jpg 1037w, https:\/\/www.hgc-reims.com\/wp-content\/uploads\/2024\/10\/local1-300x225.jpg 300w, https:\/\/www.hgc-reims.com\/wp-content\/uploads\/2024\/10\/local1-1024x768.jpg 1024w, https:\/\/www.hgc-reims.com\/wp-content\/uploads\/2024\/10\/local1-768x576.jpg 768w\" sizes=\"auto, (max-width: 1037px) 100vw, 1037px\" \/><\/a><\/p>\n","protected":false},"excerpt":{"rendered":"<p>Notre local est multi-usage : Espace convivialit\u00e9 Espace p\u00e9dagogique M\u00e9diath\u00e8que Gestion du mat\u00e9riel R\u00e9unions du bureau 7 RUE DU COMMERCE &#8211; REIMS<\/p>\n","protected":false},"author":1,"featured_media":0,"parent":70,"menu_order":0,"comment_status":"closed","ping_status":"closed","template":"","meta":{"footnotes":""},"class_list":["post-366","page","type-page","status-publish","hentry","gallery-content-unit"],"post_mailing_queue_ids":[],"_links":{"self":[{"href":"https:\/\/www.hgc-reims.com\/index.php?rest_route=\/wp\/v2\/pages\/366","targetHints":{"allow":["GET"]}}],"collection":[{"href":"https:\/\/www.hgc-reims.com\/index.php?rest_route=\/wp\/v2\/pages"}],"about":[{"href":"https:\/\/www.hgc-reims.com\/index.php?rest_route=\/wp\/v2\/types\/page"}],"author":[{"embeddable":true,"href":"https:\/\/www.hgc-reims.com\/index.php?rest_route=\/wp\/v2\/users\/1"}],"replies":[{"embeddable":true,"href":"https:\/\/www.hgc-reims.com\/index.php?rest_route=%2Fwp%2Fv2%2Fcomments&post=366"}],"version-history":[{"count":6,"href":"https:\/\/www.hgc-reims.com\/index.php?rest_route=\/wp\/v2\/pages\/366\/revisions"}],"predecessor-version":[{"id":6417,"href":"https:\/\/www.hgc-reims.com\/index.php?rest_route=\/wp\/v2\/pages\/366\/revisions\/6417"}],"up":[{"embeddable":true,"href":"https:\/\/www.hgc-reims.com\/index.php?rest_route=\/wp\/v2\/pages\/70"}],"wp:attachment":[{"href":"https:\/\/www.hgc-reims.com\/index.php?rest_route=%2Fwp%2Fv2%2Fmedia&parent=366"}],"curies":[{"name":"wp","href":"https:\/\/api.w.org\/{rel}","templated":true}]}}